{"id":4139,"date":"2019-03-22T13:08:25","date_gmt":"2019-03-22T16:08:25","guid":{"rendered":"http:\/\/mcaf-fredericton.com\/espace-commun-multiculturel\/"},"modified":"2024-02-14T11:48:21","modified_gmt":"2024-02-14T15:48:21","slug":"espace-commun-multiculturel","status":"publish","type":"page","link":"https:\/\/mcaf.nb.ca\/fr\/espace-commun-multiculturel\/","title":{"rendered":"Espace commun multiculturel"},"content":{"rendered":"\t\t<div data-elementor-type=\"wp-post\" data-elementor-id=\"4139\" class=\"elementor elementor-4139 elementor-2612\" data-elementor-post-type=\"page\">\n\t\t\t\t\t\t<section class=\"elementor-section elementor-top-section elementor-element elementor-element-47725565 elementor-section-boxed elementor-section-height-default elementor-section-height-default\" data-id=\"47725565\" data-element_type=\"section\" data-e-type=\"section\">\r\n\t\t\t\t\t\t<div class=\"elementor-container elementor-column-gap-thegem\"><div class=\"elementor-row\">\r\n\t\t\t\t\t<div class=\"elementor-column elementor-col-100 elementor-top-column elementor-element elementor-element-5ffb1ea5\" data-id=\"5ffb1ea5\" data-element_type=\"column\" data-e-type=\"column\">\n\t\t\t<div class=\"elementor-widget-wrap elementor-element-populated\">\n\t\t\t\t\t\t<section class=\"elementor-section elementor-inner-section elementor-element elementor-element-337fd107 elementor-section-boxed elementor-section-height-default elementor-section-height-default\" data-id=\"337fd107\" data-element_type=\"section\" data-e-type=\"section\">\r\n\t\t\t\t\t\t<div class=\"elementor-container elementor-column-gap-thegem\"><div class=\"elementor-row\">\r\n\t\t\t\t\t<div class=\"elementor-column elementor-col-100 elementor-inner-column elementor-element elementor-element-1883cc97\" data-id=\"1883cc97\" data-element_type=\"column\" data-e-type=\"column\">\n\t\t\t<div class=\"elementor-widget-wrap elementor-element-populated\">\n\t\t\t\t\t\t<div class=\"elementor-element elementor-element-1bd8d8ea flex-horizontal-align-default flex-horizontal-align-tablet-default flex-horizontal-align-mobile-default flex-vertical-align-default flex-vertical-align-tablet-default flex-vertical-align-mobile-default elementor-widget elementor-widget-heading\" data-id=\"1bd8d8ea\" data-element_type=\"widget\" data-e-type=\"widget\" data-widget_type=\"heading.default\">\n\t\t\t\t<div class=\"elementor-widget-container\">\n\t\t\t\t\t<h4 class=\"elementor-heading-title elementor-size-default\">Espace commun multiculturel (ECM)<\/h4>\t\t\t\t<\/div>\n\t\t\t\t<\/div>\n\t\t\t\t\t<\/div>\n\t\t<\/div>\n\t\t\t\t\t<\/div><\/div>\r\n\t\t<\/section>\r\n\t\t\t\t<section class=\"elementor-section elementor-inner-section elementor-element elementor-element-313b5db6 elementor-section-boxed elementor-section-height-default elementor-section-height-default\" data-id=\"313b5db6\" data-element_type=\"section\" data-e-type=\"section\">\r\n\t\t\t\t\t\t<div class=\"elementor-container elementor-column-gap-wide\"><div class=\"elementor-row\">\r\n\t\t\t\t\t<div class=\"elementor-column elementor-col-50 elementor-inner-column elementor-element elementor-element-52ee9b3d\" data-id=\"52ee9b3d\" data-element_type=\"column\" data-e-type=\"column\">\n\t\t\t<div class=\"elementor-widget-wrap elementor-element-populated\">\n\t\t\t\t\t\t<div class=\"elementor-element elementor-element-4249e4a8 flex-horizontal-align-default flex-horizontal-align-tablet-default flex-horizontal-align-mobile-default flex-vertical-align-default flex-vertical-align-tablet-default flex-vertical-align-mobile-default elementor-widget elementor-widget-text-editor\" data-id=\"4249e4a8\" data-element_type=\"widget\" data-e-type=\"widget\" data-widget_type=\"text-editor.default\">\n\t\t\t\t<div class=\"elementor-widget-container\">\n\t\t\t\t\t\t\t\t\t\t\t\t<div class=\"elementor-text-editor elementor-clearfix\">\r\n\t\t\t\t\t\tL\u2019espace commun multiculturel (ECM) offre aux petites communaut\u00e9s ethnoculturelles \u00e9mergentes de la grande r\u00e9gion de Fredericton un acc\u00e8s \u00e0 :\r\n<ul>\r\n \t<li>Une salle de r\u00e9union;<\/li>\r\n \t<li>Des salles pour les activit\u00e9s culturelles, y compris les cours d\u2019art, les cours de langue maternelle, les r\u00e9p\u00e9titions de danse, et les activit\u00e9s de mieux-\u00eatre et autres rencontres;<\/li>\r\n \t<li>Des formations en:\r\n<ul>\r\n \t<li>Comp\u00e9tence culturelle;<\/li>\r\n \t<li>Secourisme et de r\u00e9animation cardiorespiratoire (RCR);<\/li>\r\n \t<li>Interpr\u00e9tation communautaire;<\/li>\r\n \t<li>Salubrit\u00e9 alimentaire (avec certification);<\/li>\r\n \t<li>Mentorat communautaire en alimentation;<\/li>\r\n \t<li>Techniques m\u00e9diatiques;<\/li>\r\n \t<li>Alphab\u00e9tisation num\u00e9rique;<\/li>\r\n<\/ul>\r\n<\/li>\r\n \t<li>Des caf\u00e9s des langues;<\/li>\r\n \t<li>Une introduction \u00e0 diverses activit\u00e9s de loisir, y compris des sports, de l\u2019art, de la danse, de la musique, des chorales, etc.<\/li>\r\n<\/ul>\r\nT\u00e9l\u00e9charger notre brochure :\r\n<ul>\r\n \t<li><a href=\"https:\/\/mcaf.nb.ca\/wp-content\/uploads\/MCAF-MSS-Fre.pdf\" target=\"_blank\" rel=\"noopener\">Espace commun multiculturel &#8211; FRE<\/a><\/li>\r\n \t<li><a href=\"https:\/\/mcaf.nb.ca\/wp-content\/uploads\/MCAF-MSS-Eng.pdf\" target=\"_blank\" rel=\"noopener\">Espace commun multiculturel &#8211; ENG<\/a><\/li>\r\n<\/ul>\t\t\t\t\t\t\t<\/div>\r\n\t\t\t\t\t\t\t\t\t\t<\/div>\n\t\t\t\t<\/div>\n\t\t\t\t\t<\/div>\n\t\t<\/div>\n\t\t\t\t<div class=\"elementor-column elementor-col-50 elementor-inner-column elementor-element elementor-element-4132ef8a\" data-id=\"4132ef8a\" data-element_type=\"column\" data-e-type=\"column\">\n\t\t\t<div class=\"elementor-widget-wrap elementor-element-populated\">\n\t\t\t\t\t\t<div class=\"elementor-element elementor-element-6caea39 flex-horizontal-align-default flex-horizontal-align-tablet-default flex-horizontal-align-mobile-default flex-vertical-align-default flex-vertical-align-tablet-default flex-vertical-align-mobile-default elementor-widget elementor-widget-heading\" data-id=\"6caea39\" data-element_type=\"widget\" data-e-type=\"widget\" data-widget_type=\"heading.default\">\n\t\t\t\t<div class=\"elementor-widget-container\">\n\t\t\t\t\t<h5 class=\"elementor-heading-title elementor-size-default\">Apprendre encore plus<\/h5>\t\t\t\t<\/div>\n\t\t\t\t<\/div>\n\t\t\t\t<div class=\"elementor-element elementor-element-bf62f3b flex-horizontal-align-default flex-horizontal-align-tablet-default flex-horizontal-align-mobile-default flex-vertical-align-default flex-vertical-align-tablet-default flex-vertical-align-mobile-default elementor-widget elementor-widget-text-editor\" data-id=\"bf62f3b\" data-element_type=\"widget\" data-e-type=\"widget\" data-widget_type=\"text-editor.default\">\n\t\t\t\t<div class=\"elementor-widget-container\">\n\t\t\t\t\t\t\t\t\t\t\t\t<div class=\"elementor-text-editor elementor-clearfix\">\r\n\t\t\t\t\t\t<p>L\u2019ECM offre des ressources visant \u00e0 rassembler les groupes ethnoculturels pour concevoir des activit\u00e9s et des \u00e9v\u00e8nements afin de partager leur culture et de favoriser l\u2019int\u00e9gration et la pleine participation des divers groupes ethnoculturels \u00e9mergents dans notre communaut\u00e9.<\/p>\n<p>En outre, l\u2019ECM suscite l\u2019engagement de la communaut\u00e9 de Fredericton et des intervenants cl\u00e9s, y compris les a\u00een\u00e9s, les groupes familiaux et les jeunes, pour interagir avec de nouveaux arrivants et diff\u00e9rentes cultures en vue d\u2019accroitre leur sensibilit\u00e9 \u00e0 la diversit\u00e9 et de cr\u00e9er une communaut\u00e9 accueillante et inclusive.<\/p>\n<p>Pour acc\u00e9der aux ressources de l\u2019ECM, les associations ethnoculturelles doivent devenir membres de l\u2019AMCF. Pour en savoir plus, visitez:<\/p>\n<p>&nbsp;<\/p>\n<p>Si votre association ou groupe souhaite prendre part \u00e0 ce projet, veuillez nous contacter par courriel \u00e0: <a href=\"mailto:MSS@mcaf.nb.ca\" target=\"_blank\" rel=\"noopener\">MSS@mcaf.nb.ca<\/a><\/p>\n\t\t\t\t\t\t\t<\/div>\r\n\t\t\t\t\t\t\t\t\t\t<\/div>\n\t\t\t\t<\/div>\n\t\t\t\t<div class=\"elementor-element elementor-element-93461e3 flex-horizontal-align-default flex-horizontal-align-tablet-default flex-horizontal-align-mobile-default flex-vertical-align-default flex-vertical-align-tablet-default flex-vertical-align-mobile-default elementor-widget elementor-widget-image\" data-id=\"93461e3\" data-element_type=\"widget\" data-e-type=\"widget\" data-widget_type=\"image.default\">\n\t\t\t\t<div class=\"elementor-widget-container\">\n\t\t\t\t\t\t\t\t\t\t\t\t\t\t\t<img fetchpriority=\"high\" width=\"576\" height=\"384\" src=\"https:\/\/mcaf.nb.ca\/wp-content\/uploads\/2019\/02\/MMS2-2w.jpg\" class=\"attachment-medium_large size-medium_large wp-image-4144\" alt=\"\" srcset=\"https:\/\/mcaf.nb.ca\/wp-content\/uploads\/2019\/02\/MMS2-2w.jpg 576w, https:\/\/mcaf.nb.ca\/wp-content\/uploads\/2019\/02\/MMS2-2w-300x200.jpg 300w, https:\/\/mcaf.nb.ca\/wp-content\/uploads\/2019\/02\/MMS2-2w-500x333.jpg 500w, https:\/\/mcaf.nb.ca\/wp-content\/uploads\/2019\/02\/MMS2-2w-272x182.jpg 272w\" sizes=\"(max-width: 576px) 100vw, 576px\" \/>\t\t\t\t\t\t\t\t\t\t\t\t\t\t\t<\/div>\n\t\t\t\t<\/div>\n\t\t\t\t\t<\/div>\n\t\t<\/div>\n\t\t\t\t\t<\/div><\/div>\r\n\t\t<\/section>\r\n\t\t\t\t\t<\/div>\n\t\t<\/div>\n\t\t\t\t\t<\/div><\/div>\r\n\t\t<\/section>\r\n\t\t\t\t<section class=\"elementor-section elementor-top-section elementor-element elementor-element-7bfde2e elementor-section-boxed elementor-section-height-default elementor-section-height-default\" data-id=\"7bfde2e\" data-element_type=\"section\" data-e-type=\"section\">\r\n\t\t\t\t\t\t<div class=\"elementor-container elementor-column-gap-thegem\"><div class=\"elementor-row\">\r\n\t\t\t\t\t<div class=\"elementor-column elementor-col-33 elementor-top-column elementor-element elementor-element-2b8af4c\" data-id=\"2b8af4c\" data-element_type=\"column\" data-e-type=\"column\">\n\t\t\t<div class=\"elementor-widget-wrap elementor-element-populated\">\n\t\t\t\t\t\t<div class=\"elementor-element elementor-element-89419b5 flex-horizontal-align-default flex-horizontal-align-tablet-default flex-horizontal-align-mobile-default flex-vertical-align-default flex-vertical-align-tablet-default flex-vertical-align-mobile-default elementor-widget elementor-widget-image\" data-id=\"89419b5\" data-element_type=\"widget\" data-e-type=\"widget\" data-widget_type=\"image.default\">\n\t\t\t\t<div class=\"elementor-widget-container\">\n\t\t\t\t\t\t\t\t\t\t\t\t\t\t\t<img width=\"576\" height=\"383\" src=\"https:\/\/mcaf.nb.ca\/wp-content\/uploads\/2019\/02\/MSS1w.jpg\" class=\"attachment-medium_large size-medium_large wp-image-4142\" alt=\"\" srcset=\"https:\/\/mcaf.nb.ca\/wp-content\/uploads\/2019\/02\/MSS1w.jpg 576w, https:\/\/mcaf.nb.ca\/wp-content\/uploads\/2019\/02\/MSS1w-300x199.jpg 300w, https:\/\/mcaf.nb.ca\/wp-content\/uploads\/2019\/02\/MSS1w-500x332.jpg 500w, https:\/\/mcaf.nb.ca\/wp-content\/uploads\/2019\/02\/MSS1w-272x182.jpg 272w\" sizes=\"(max-width: 576px) 100vw, 576px\" \/>\t\t\t\t\t\t\t\t\t\t\t\t\t\t\t<\/div>\n\t\t\t\t<\/div>\n\t\t\t\t\t<\/div>\n\t\t<\/div>\n\t\t\t\t<div class=\"elementor-column elementor-col-33 elementor-top-column elementor-element elementor-element-cdd58b6\" data-id=\"cdd58b6\" data-element_type=\"column\" data-e-type=\"column\">\n\t\t\t<div class=\"elementor-widget-wrap elementor-element-populated\">\n\t\t\t\t\t\t<div class=\"elementor-element elementor-element-d0b14cf flex-horizontal-align-default flex-horizontal-align-tablet-default flex-horizontal-align-mobile-default flex-vertical-align-default flex-vertical-align-tablet-default flex-vertical-align-mobile-default elementor-widget elementor-widget-image\" data-id=\"d0b14cf\" data-element_type=\"widget\" data-e-type=\"widget\" data-widget_type=\"image.default\">\n\t\t\t\t<div class=\"elementor-widget-container\">\n\t\t\t\t\t\t\t\t\t\t\t\t\t\t\t<img width=\"576\" height=\"391\" src=\"https:\/\/mcaf.nb.ca\/wp-content\/uploads\/2019\/02\/kitchenMCAF.jpg\" class=\"attachment-medium_large size-medium_large wp-image-4140\" alt=\"\" srcset=\"https:\/\/mcaf.nb.ca\/wp-content\/uploads\/2019\/02\/kitchenMCAF.jpg 576w, https:\/\/mcaf.nb.ca\/wp-content\/uploads\/2019\/02\/kitchenMCAF-300x204.jpg 300w, https:\/\/mcaf.nb.ca\/wp-content\/uploads\/2019\/02\/kitchenMCAF-500x339.jpg 500w\" sizes=\"(max-width: 576px) 100vw, 576px\" \/>\t\t\t\t\t\t\t\t\t\t\t\t\t\t\t<\/div>\n\t\t\t\t<\/div>\n\t\t\t\t\t<\/div>\n\t\t<\/div>\n\t\t\t\t<div class=\"elementor-column elementor-col-33 elementor-top-column elementor-element elementor-element-005c88f\" data-id=\"005c88f\" data-element_type=\"column\" data-e-type=\"column\">\n\t\t\t<div class=\"elementor-widget-wrap elementor-element-populated\">\n\t\t\t\t\t\t<div class=\"elementor-element elementor-element-11a847d flex-horizontal-align-default flex-horizontal-align-tablet-default flex-horizontal-align-mobile-default flex-vertical-align-default flex-vertical-align-tablet-default flex-vertical-align-mobile-default elementor-widget elementor-widget-image\" data-id=\"11a847d\" data-element_type=\"widget\" data-e-type=\"widget\" data-widget_type=\"image.default\">\n\t\t\t\t<div class=\"elementor-widget-container\">\n\t\t\t\t\t\t\t\t\t\t\t\t\t\t\t<img loading=\"lazy\" width=\"600\" height=\"401\" src=\"https:\/\/mcaf.nb.ca\/wp-content\/uploads\/2019\/02\/MSS_computer.jpg\" class=\"attachment-large size-large wp-image-4146\" alt=\"\" srcset=\"https:\/\/mcaf.nb.ca\/wp-content\/uploads\/2019\/02\/MSS_computer.jpg 600w, https:\/\/mcaf.nb.ca\/wp-content\/uploads\/2019\/02\/MSS_computer-300x201.jpg 300w, https:\/\/mcaf.nb.ca\/wp-content\/uploads\/2019\/02\/MSS_computer-500x334.jpg 500w, https:\/\/mcaf.nb.ca\/wp-content\/uploads\/2019\/02\/MSS_computer-272x182.jpg 272w\" sizes=\"(max-width: 600px) 100vw, 600px\" \/>\t\t\t\t\t\t\t\t\t\t\t\t\t\t\t<\/div>\n\t\t\t\t<\/div>\n\t\t\t\t\t<\/div>\n\t\t<\/div>\n\t\t\t\t\t<\/div><\/div>\r\n\t\t<\/section>\r\n\t\t\t\t<\/div>\n\t\t","protected":false},"excerpt":{"rendered":"<p>Espace commun multiculturel (ECM) L\u2019espace commun multiculturel (ECM) offre aux petites communaut\u00e9s ethnoculturelles \u00e9mergentes de la grande r\u00e9gion de Fredericton&#8230;<\/p>\n","protected":false},"author":1,"featured_media":0,"parent":0,"menu_order":0,"comment_status":"closed","ping_status":"closed","template":"","meta":{"inline_featured_image":false,"footnotes":""},"class_list":["post-4139","page","type-page","status-publish"],"aioseo_notices":[],"_links":{"self":[{"href":"https:\/\/mcaf.nb.ca\/fr\/wp-json\/wp\/v2\/pages\/4139","targetHints":{"allow":["GET"]}}],"collection":[{"href":"https:\/\/mcaf.nb.ca\/fr\/wp-json\/wp\/v2\/pages"}],"about":[{"href":"https:\/\/mcaf.nb.ca\/fr\/wp-json\/wp\/v2\/types\/page"}],"author":[{"embeddable":true,"href":"https:\/\/mcaf.nb.ca\/fr\/wp-json\/wp\/v2\/users\/1"}],"replies":[{"embeddable":true,"href":"https:\/\/mcaf.nb.ca\/fr\/wp-json\/wp\/v2\/comments?post=4139"}],"version-history":[{"count":8,"href":"https:\/\/mcaf.nb.ca\/fr\/wp-json\/wp\/v2\/pages\/4139\/revisions"}],"predecessor-version":[{"id":16210,"href":"https:\/\/mcaf.nb.ca\/fr\/wp-json\/wp\/v2\/pages\/4139\/revisions\/16210"}],"wp:attachment":[{"href":"https:\/\/mcaf.nb.ca\/fr\/wp-json\/wp\/v2\/media?parent=4139"}],"curies":[{"name":"wp","href":"https:\/\/api.w.org\/{rel}","templated":true}]}}