{"id":9185,"date":"2021-03-24T07:10:26","date_gmt":"2021-03-24T10:10:26","guid":{"rendered":"https:\/\/mcaf.nb.ca\/peinture-murale-de-la-diversite\/"},"modified":"2022-04-08T09:55:21","modified_gmt":"2022-04-08T12:55:21","slug":"peinture-murale-de-la-diversite","status":"publish","type":"page","link":"https:\/\/mcaf.nb.ca\/fr\/peinture-murale-de-la-diversite\/","title":{"rendered":"Peinture murale de la diversit\u00e9"},"content":{"rendered":"\t\t<div data-elementor-type=\"wp-page\" data-elementor-id=\"9185\" class=\"elementor elementor-9185 elementor-8164\" data-elementor-post-type=\"page\">\n\t\t\t\t\t\t<section class=\"elementor-section elementor-top-section elementor-element elementor-element-58a21a3 elementor-section-full_width elementor-section-content-top elementor-section-stretched elementor-section-height-default elementor-section-height-default\" data-id=\"58a21a3\" data-element_type=\"section\" data-e-type=\"section\" data-settings=\"{&quot;stretch_section&quot;:&quot;section-stretched&quot;}\">\r\n\t\t\t\t\t\t<div class=\"elementor-container elementor-column-gap-thegem\"><div class=\"elementor-row\">\r\n\t\t\t\t\t<div class=\"elementor-column elementor-col-100 elementor-top-column elementor-element elementor-element-b433d1a\" data-id=\"b433d1a\" data-element_type=\"column\" data-e-type=\"column\">\n\t\t\t<div class=\"elementor-widget-wrap elementor-element-populated\">\n\t\t\t\t\t\t<div class=\"elementor-element elementor-element-25cbc22 flex-horizontal-align-default flex-horizontal-align-tablet-default flex-horizontal-align-mobile-default flex-vertical-align-default flex-vertical-align-tablet-default flex-vertical-align-mobile-default elementor-widget elementor-widget-image\" data-id=\"25cbc22\" data-element_type=\"widget\" data-e-type=\"widget\" data-widget_type=\"image.default\">\n\t\t\t\t<div class=\"elementor-widget-container\">\n\t\t\t\t\t\t\t\t\t\t\t\t\t\t\t<img fetchpriority=\"high\" width=\"1024\" height=\"281\" src=\"https:\/\/mcaf.nb.ca\/wp-content\/uploads\/Diversity-MuralMCAF-1024x281.jpg\" class=\"attachment-large size-large wp-image-8170\" alt=\"\" srcset=\"https:\/\/mcaf.nb.ca\/wp-content\/uploads\/Diversity-MuralMCAF-1024x281.jpg 1024w, https:\/\/mcaf.nb.ca\/wp-content\/uploads\/Diversity-MuralMCAF-300x82.jpg 300w, https:\/\/mcaf.nb.ca\/wp-content\/uploads\/Diversity-MuralMCAF-768x210.jpg 768w, https:\/\/mcaf.nb.ca\/wp-content\/uploads\/Diversity-MuralMCAF-1536x421.jpg 1536w, https:\/\/mcaf.nb.ca\/wp-content\/uploads\/Diversity-MuralMCAF.jpg 1920w\" sizes=\"(max-width: 1024px) 100vw, 1024px\" \/>\t\t\t\t\t\t\t\t\t\t\t\t\t\t\t<\/div>\n\t\t\t\t<\/div>\n\t\t\t\t\t<\/div>\n\t\t<\/div>\n\t\t\t\t\t<\/div><\/div>\r\n\t\t<\/section>\r\n\t\t\t\t<section class=\"elementor-section elementor-top-section elementor-element elementor-element-286242b elementor-section-boxed elementor-section-height-default elementor-section-height-default\" data-id=\"286242b\" data-element_type=\"section\" data-e-type=\"section\">\r\n\t\t\t\t\t\t<div class=\"elementor-container elementor-column-gap-wide\"><div class=\"elementor-row\">\r\n\t\t\t\t\t<div class=\"elementor-column elementor-col-50 elementor-top-column elementor-element elementor-element-75a9e5f\" data-id=\"75a9e5f\" data-element_type=\"column\" data-e-type=\"column\">\n\t\t\t<div class=\"elementor-widget-wrap elementor-element-populated\">\n\t\t\t\t\t\t<div class=\"elementor-element elementor-element-0ec6ad6 flex-horizontal-align-default flex-horizontal-align-tablet-default flex-horizontal-align-mobile-default flex-vertical-align-default flex-vertical-align-tablet-default flex-vertical-align-mobile-default elementor-widget elementor-widget-heading\" data-id=\"0ec6ad6\" data-element_type=\"widget\" data-e-type=\"widget\" data-widget_type=\"heading.default\">\n\t\t\t\t<div class=\"elementor-widget-container\">\n\t\t\t\t\t<h2 class=\"elementor-heading-title elementor-size-default\">Peinture murale de la diversit\u00e9<\/h2>\t\t\t\t<\/div>\n\t\t\t\t<\/div>\n\t\t\t\t<div class=\"elementor-element elementor-element-d716348 flex-horizontal-align-default flex-horizontal-align-tablet-default flex-horizontal-align-mobile-default flex-vertical-align-default flex-vertical-align-tablet-default flex-vertical-align-mobile-default elementor-widget elementor-widget-text-editor\" data-id=\"d716348\" data-element_type=\"widget\" data-e-type=\"widget\" data-widget_type=\"text-editor.default\">\n\t\t\t\t<div class=\"elementor-widget-container\">\n\t\t\t\t\t\t\t\t\t\t\t\t<div class=\"elementor-text-editor elementor-clearfix\">\r\n\t\t\t\t\t\t<p id=\"tw-target-text\" class=\"tw-data-text tw-text-large XcVN5d tw-ta\" dir=\"ltr\" data-placeholder=\"Translation\"><span lang=\"fr\">Diversity Mural a \u00e9t\u00e9 cr\u00e9\u00e9 par des artistes de diverses cultures pour pr\u00e9senter des fleurs, des animaux et des objets repr\u00e9sentant plus de 36 cultures. La murale c\u00e9l\u00e8bre la beaut\u00e9 et la force de la diversit\u00e9 culturelle \u00e0 Fredericton. Artistes inclus: <\/span><\/p>\r\n\r\n<ul>\r\n \t<li class=\"tw-data-text tw-text-large XcVN5d tw-ta\" dir=\"ltr\" data-placeholder=\"Translation\"><span lang=\"fr\">Miguelina Izaguirre (Cuba) &#8211; artiste principal <\/span><\/li>\r\n \t<li class=\"tw-data-text tw-text-large XcVN5d tw-ta\" dir=\"ltr\" data-placeholder=\"Translation\"><span lang=\"fr\"> Katharine Cerrato (Honduras) <\/span><\/li>\r\n \t<li class=\"tw-data-text tw-text-large XcVN5d tw-ta\" dir=\"ltr\" data-placeholder=\"Translation\"><span lang=\"fr\">Suzy Mouhawej (Liban)<\/span><\/li>\r\n \t<li class=\"tw-data-text tw-text-large XcVN5d tw-ta\" dir=\"ltr\" data-placeholder=\"Translation\"><span lang=\"fr\">Joanna Zhang (Chine) <\/span><\/li>\r\n \t<li class=\"tw-data-text tw-text-large XcVN5d tw-ta\" dir=\"ltr\" data-placeholder=\"Translation\"><span lang=\"fr\">Olga Tepfer (Isra\u00ebl) <\/span><\/li>\r\n \t<li class=\"tw-data-text tw-text-large XcVN5d tw-ta\" dir=\"ltr\" data-placeholder=\"Translation\"><span lang=\"fr\">Karine Lugo (Colombie) <\/span><\/li>\r\n \t<li class=\"tw-data-text tw-text-large XcVN5d tw-ta\" dir=\"ltr\" data-placeholder=\"Translation\"><span lang=\"fr\">Olka Art Collective: Parisa Partovi, Ismaeil Rezaei, Layla Partovi, Tania Sedighi (Iran) <\/span><\/li>\r\n \t<li class=\"tw-data-text tw-text-large XcVN5d tw-ta\" dir=\"ltr\" data-placeholder=\"Translation\"><span lang=\"fr\">Katya Naiman (Ukraine)<\/span><\/li>\r\n<\/ul>\t\t\t\t\t\t\t<\/div>\r\n\t\t\t\t\t\t\t\t\t\t<\/div>\n\t\t\t\t<\/div>\n\t\t\t\t\t<\/div>\n\t\t<\/div>\n\t\t\t\t<div class=\"elementor-column elementor-col-50 elementor-top-column elementor-element elementor-element-4735833\" data-id=\"4735833\" data-element_type=\"column\" data-e-type=\"column\">\n\t\t\t<div class=\"elementor-widget-wrap elementor-element-populated\">\n\t\t\t\t\t\t<div class=\"elementor-element elementor-element-d43c0b7 elementor-arrows-position-inside elementor-pagination-position-outside flex-horizontal-align-default flex-horizontal-align-tablet-default flex-horizontal-align-mobile-default flex-vertical-align-default flex-vertical-align-tablet-default flex-vertical-align-mobile-default elementor-widget elementor-widget-image-carousel\" data-id=\"d43c0b7\" data-element_type=\"widget\" data-e-type=\"widget\" data-settings=\"{&quot;slides_to_show&quot;:&quot;1&quot;,&quot;navigation&quot;:&quot;both&quot;,&quot;autoplay&quot;:&quot;yes&quot;,&quot;pause_on_hover&quot;:&quot;yes&quot;,&quot;pause_on_interaction&quot;:&quot;yes&quot;,&quot;autoplay_speed&quot;:5000,&quot;infinite&quot;:&quot;yes&quot;,&quot;effect&quot;:&quot;slide&quot;,&quot;speed&quot;:500}\" data-widget_type=\"image-carousel.default\">\n\t\t\t\t<div class=\"elementor-widget-container\">\n\t\t\t\t\t\t\t<div class=\"elementor-image-carousel-wrapper swiper\" role=\"region\" aria-roledescription=\"carousel\" aria-label=\"Carrousel d\u2019images\" dir=\"ltr\">\n\t\t\t<div class=\"elementor-image-carousel swiper-wrapper\" aria-live=\"off\">\n\t\t\t\t\t\t\t\t<div class=\"swiper-slide\" role=\"group\" aria-roledescription=\"slide\" aria-label=\"1 sur 9\"><figure class=\"swiper-slide-inner\"><img class=\"swiper-slide-image\" src=\"https:\/\/mcaf.nb.ca\/wp-content\/uploads\/ARTINPARK3.jpg\" alt=\"ARTINPARK3\" \/><\/figure><\/div><div class=\"swiper-slide\" role=\"group\" aria-roledescription=\"slide\" aria-label=\"2 sur 9\"><figure class=\"swiper-slide-inner\"><img class=\"swiper-slide-image\" src=\"https:\/\/mcaf.nb.ca\/wp-content\/uploads\/Art-in-the-Park-1-scaled.jpg\" alt=\"Art in the Park\" \/><\/figure><\/div><div class=\"swiper-slide\" role=\"group\" aria-roledescription=\"slide\" aria-label=\"3 sur 9\"><figure class=\"swiper-slide-inner\"><img class=\"swiper-slide-image\" src=\"https:\/\/mcaf.nb.ca\/wp-content\/uploads\/ARTINPAARK5.jpg\" alt=\"ARTINPAARK5\" \/><\/figure><\/div><div class=\"swiper-slide\" role=\"group\" aria-roledescription=\"slide\" aria-label=\"4 sur 9\"><figure class=\"swiper-slide-inner\"><img class=\"swiper-slide-image\" src=\"https:\/\/mcaf.nb.ca\/wp-content\/uploads\/ARTINPAARK7.jpg\" alt=\"ARTINPAARK7\" \/><\/figure><\/div><div class=\"swiper-slide\" role=\"group\" aria-roledescription=\"slide\" aria-label=\"5 sur 9\"><figure class=\"swiper-slide-inner\"><img class=\"swiper-slide-image\" src=\"https:\/\/mcaf.nb.ca\/wp-content\/uploads\/ARTINPARK2.jpg\" alt=\"ARTINPARK2\" \/><\/figure><\/div><div class=\"swiper-slide\" role=\"group\" aria-roledescription=\"slide\" aria-label=\"6 sur 9\"><figure class=\"swiper-slide-inner\"><img class=\"swiper-slide-image\" src=\"https:\/\/mcaf.nb.ca\/wp-content\/uploads\/ARTINPARK4.jpg\" alt=\"ARTINPARK4\" \/><\/figure><\/div><div class=\"swiper-slide\" role=\"group\" aria-roledescription=\"slide\" aria-label=\"7 sur 9\"><figure class=\"swiper-slide-inner\"><img class=\"swiper-slide-image\" src=\"https:\/\/mcaf.nb.ca\/wp-content\/uploads\/ARTINPARK6.jpg\" alt=\"ARTINPARK6\" \/><\/figure><\/div><div class=\"swiper-slide\" role=\"group\" aria-roledescription=\"slide\" aria-label=\"8 sur 9\"><figure class=\"swiper-slide-inner\"><img class=\"swiper-slide-image\" src=\"https:\/\/mcaf.nb.ca\/wp-content\/uploads\/ARTINPARK8.jpg\" alt=\"ARTINPARK8\" \/><\/figure><\/div><div class=\"swiper-slide\" role=\"group\" aria-roledescription=\"slide\" aria-label=\"9 sur 9\"><figure class=\"swiper-slide-inner\"><img class=\"swiper-slide-image\" src=\"https:\/\/mcaf.nb.ca\/wp-content\/uploads\/Art-in-the-Park2.jpg\" alt=\"Art in the Park2\" \/><\/figure><\/div>\t\t\t<\/div>\n\t\t\t\t\t\t\t\t\t\t\t\t<div class=\"elementor-swiper-button elementor-swiper-button-prev\" role=\"button\" tabindex=\"0\">\n\t\t\t\t\t\t<i aria-hidden=\"true\" class=\"eicon-chevron-left\"><\/i>\t\t\t\t\t<\/div>\n\t\t\t\t\t<div class=\"elementor-swiper-button elementor-swiper-button-next\" role=\"button\" tabindex=\"0\">\n\t\t\t\t\t\t<i aria-hidden=\"true\" class=\"eicon-chevron-right\"><\/i>\t\t\t\t\t<\/div>\n\t\t\t\t\n\t\t\t\t\t\t\t\t\t<div class=\"swiper-pagination\"><\/div>\n\t\t\t\t\t\t\t\t\t<\/div>\n\t\t\t\t\t\t<\/div>\n\t\t\t\t<\/div>\n\t\t\t\t\t<\/div>\n\t\t<\/div>\n\t\t\t\t\t<\/div><\/div>\r\n\t\t<\/section>\r\n\t\t\t\t<section class=\"elementor-section elementor-top-section elementor-element elementor-element-e3372b8 elementor-section-boxed elementor-section-height-default elementor-section-height-default\" data-id=\"e3372b8\" data-element_type=\"section\" data-e-type=\"section\">\r\n\t\t\t\t\t\t<div class=\"elementor-container elementor-column-gap-thegem\"><div class=\"elementor-row\">\r\n\t\t\t\t\t<div class=\"elementor-column elementor-col-100 elementor-top-column elementor-element elementor-element-d26a06b\" data-id=\"d26a06b\" data-element_type=\"column\" data-e-type=\"column\">\n\t\t\t<div class=\"elementor-widget-wrap elementor-element-populated\">\n\t\t\t\t\t\t<div class=\"elementor-element elementor-element-beec84c flex-horizontal-align-default flex-horizontal-align-tablet-default flex-horizontal-align-mobile-default flex-vertical-align-default flex-vertical-align-tablet-default flex-vertical-align-mobile-default elementor-widget elementor-widget-heading\" data-id=\"beec84c\" data-element_type=\"widget\" data-e-type=\"widget\" data-widget_type=\"heading.default\">\n\t\t\t\t<div class=\"elementor-widget-container\">\n\t\t\t\t\t<h2 class=\"elementor-heading-title elementor-size-default\">D\u00e9couvrez la signification de chaque image:<\/h2>\t\t\t\t<\/div>\n\t\t\t\t<\/div>\n\t\t\t\t<div class=\"elementor-element elementor-element-914b42c flex-horizontal-align-default flex-horizontal-align-tablet-default flex-horizontal-align-mobile-default flex-vertical-align-default flex-vertical-align-tablet-default flex-vertical-align-mobile-default elementor-widget elementor-widget-spacer\" data-id=\"914b42c\" data-element_type=\"widget\" data-e-type=\"widget\" data-widget_type=\"spacer.default\">\n\t\t\t\t<div class=\"elementor-widget-container\">\n\t\t\t\t\t\t\t<div class=\"elementor-spacer\">\n\t\t\t<div class=\"elementor-spacer-inner\"><\/div>\n\t\t<\/div>\n\t\t\t\t\t\t<\/div>\n\t\t\t\t<\/div>\n\t\t\t\t<div class=\"elementor-element elementor-element-34ef8b9 flex-horizontal-align-default flex-horizontal-align-tablet-default flex-horizontal-align-mobile-default flex-vertical-align-default flex-vertical-align-tablet-default flex-vertical-align-mobile-default elementor-widget elementor-widget-spacer\" data-id=\"34ef8b9\" data-element_type=\"widget\" data-e-type=\"widget\" data-widget_type=\"spacer.default\">\n\t\t\t\t<div class=\"elementor-widget-container\">\n\t\t\t\t\t\t\t<div class=\"elementor-spacer\">\n\t\t\t<div class=\"elementor-spacer-inner\"><\/div>\n\t\t<\/div>\n\t\t\t\t\t\t<\/div>\n\t\t\t\t<\/div>\n\t\t\t\t<div class=\"elementor-element elementor-element-687c688 flex-horizontal-align-default flex-horizontal-align-tablet-default flex-horizontal-align-mobile-default flex-vertical-align-default flex-vertical-align-tablet-default flex-vertical-align-mobile-default elementor-widget elementor-widget-heading\" data-id=\"687c688\" data-element_type=\"widget\" data-e-type=\"widget\" data-widget_type=\"heading.default\">\n\t\t\t\t<div class=\"elementor-widget-container\">\n\t\t\t\t\t<h2 class=\"elementor-heading-title elementor-size-default\"> Visitez la fresque de la diversit\u00e9 du MCAF<\/h2>\t\t\t\t<\/div>\n\t\t\t\t<\/div>\n\t\t\t\t<div class=\"elementor-element elementor-element-2aa59da flex-horizontal-align-default flex-horizontal-align-tablet-default flex-horizontal-align-mobile-default flex-vertical-align-default flex-vertical-align-tablet-default flex-vertical-align-mobile-default elementor-widget elementor-widget-text-editor\" data-id=\"2aa59da\" data-element_type=\"widget\" data-e-type=\"widget\" data-widget_type=\"text-editor.default\">\n\t\t\t\t<div class=\"elementor-widget-container\">\n\t\t\t\t\t\t\t\t\t\t\t\t<div class=\"elementor-text-editor elementor-clearfix\">\r\n\t\t\t\t\t\tLa fresque sur la diversit\u00e9 est situ\u00e9e au 28, rue Saunders, \u00e0 Fredericton NB, \u00e0 l&#8217;arri\u00e8re de l&#8217;\u00e9difice face au parc Wilmot.\t\t\t\t\t\t\t<\/div>\r\n\t\t\t\t\t\t\t\t\t\t<\/div>\n\t\t\t\t<\/div>\n\t\t\t\t<div class=\"elementor-element elementor-element-76848e0 elementor-skin-carousel elementor-arrows-yes elementor-pagination-type-bullets elementor-pagination-position-outside flex-horizontal-align-default flex-horizontal-align-tablet-default flex-horizontal-align-mobile-default flex-vertical-align-default flex-vertical-align-tablet-default flex-vertical-align-mobile-default elementor-widget elementor-widget-media-carousel\" data-id=\"76848e0\" data-element_type=\"widget\" data-e-type=\"widget\" data-settings=\"{&quot;slides_per_view&quot;:&quot;3&quot;,&quot;autoplay_speed&quot;:6024,&quot;space_between&quot;:{&quot;unit&quot;:&quot;px&quot;,&quot;size&quot;:19,&quot;sizes&quot;:[]},&quot;skin&quot;:&quot;carousel&quot;,&quot;effect&quot;:&quot;slide&quot;,&quot;show_arrows&quot;:&quot;yes&quot;,&quot;pagination&quot;:&quot;bullets&quot;,&quot;speed&quot;:500,&quot;autoplay&quot;:&quot;yes&quot;,&quot;loop&quot;:&quot;yes&quot;,&quot;pause_on_hover&quot;:&quot;yes&quot;,&quot;pause_on_interaction&quot;:&quot;yes&quot;,&quot;space_between_laptop&quot;:{&quot;unit&quot;:&quot;px&quot;,&quot;size&quot;:10,&quot;sizes&quot;:[]},&quot;space_between_tablet_extra&quot;:{&quot;unit&quot;:&quot;px&quot;,&quot;size&quot;:10,&quot;sizes&quot;:[]},&quot;space_between_tablet&quot;:{&quot;unit&quot;:&quot;px&quot;,&quot;size&quot;:10,&quot;sizes&quot;:[]},&quot;space_between_mobile_extra&quot;:{&quot;unit&quot;:&quot;px&quot;,&quot;size&quot;:10,&quot;sizes&quot;:[]},&quot;space_between_mobile&quot;:{&quot;unit&quot;:&quot;px&quot;,&quot;size&quot;:10,&quot;sizes&quot;:[]}}\" data-widget_type=\"media-carousel.default\">\n\t\t\t\t<div class=\"elementor-widget-container\">\n\t\t\t\t\t\t\t\t\t<div class=\"elementor-swiper\">\n\t\t\t\t\t<div class=\"elementor-main-swiper swiper\" role=\"region\" aria-roledescription=\"carousel\" aria-label=\"Diapositives\">\n\t\t\t\t<div class=\"swiper-wrapper\">\n\t\t\t\t\t\t\t\t\t\t\t<div class=\"swiper-slide\" role=\"group\" aria-roledescription=\"slide\">\n\t\t\t\t\t\t\t\t\t<div class=\"elementor-carousel-image\" role=\"img\" aria-label=\"sampaguita1\" style=\"background-image: url(&#039;https:\/\/mcaf.nb.ca\/wp-content\/uploads\/sampaguita1.jpg&#039;)\">\n\n\t\t\t\n\t\t\t\t\t<\/div>\n\t\t\t\t\t<div class=\"elementor-carousel-image-overlay e-overlay-animation-fade\">\n\t\t\t\tOn pense que le nom commun sampaguita vient des mots espagnols \u00absumpakita\u00bb qui signifie \u00abje te le promets\u00bb. Il a une longue histoire en tant que symbole d'amour et de d\u00e9votion. La fleur fleurit toute l'ann\u00e9e et a des fleurs blanches, petites, d\u00e9licates, en forme d'\u00e9toile, qui s'ouvrent la nuit et se fanent en moins d'un jour.\t\t\t<\/div>\n\t\t\t\t\t\t\t\t\t<\/div>\n\t\t\t\t\t\t\t\t\t\t\t<div class=\"swiper-slide\" role=\"group\" aria-roledescription=\"slide\">\n\t\t\t\t\t\t\t\t\t<div class=\"elementor-carousel-image\" role=\"img\" aria-label=\"cedartree1\" style=\"background-image: url(&#039;https:\/\/mcaf.nb.ca\/wp-content\/uploads\/cedartree1.jpg&#039;)\">\n\n\t\t\t\n\t\t\t\t\t<\/div>\n\t\t\t\t\t<div class=\"elementor-carousel-image-overlay e-overlay-animation-fade\">\n\t\t\t\tLe c\u00e8dre du Liban est un arbre \u00e0 feuilles persistantes avec un beau bois qui est utilis\u00e9 depuis des milliers d'ann\u00e9es. Il symbolise la r\u00e9silience et l'immortalit\u00e9.\t\t\t<\/div>\n\t\t\t\t\t\t\t\t\t<\/div>\n\t\t\t\t\t\t\t\t\t\t\t<div class=\"swiper-slide\" role=\"group\" aria-roledescription=\"slide\">\n\t\t\t\t\t\t\t\t\t<div class=\"elementor-carousel-image\" role=\"img\" aria-label=\"castor\" style=\"background-image: url(&#039;https:\/\/mcaf.nb.ca\/wp-content\/uploads\/beaver.jpg&#039;)\">\n\n\t\t\t\n\t\t\t\t\t<\/div>\n\t\t\t\t\t<div class=\"elementor-carousel-image-overlay e-overlay-animation-fade\">\n\t\t\t\tL'animal esprit castor symbolise l'ing\u00e9niosit\u00e9 et la pers\u00e9v\u00e9rance au travail. Lorsque le totem du castor vous appara\u00eet, vous \u00eates encourag\u00e9 \u00e0 faire preuve de diligence jusqu'\u00e0 ce que la t\u00e2che soit termin\u00e9e. Le sens du castor parle \u00e9galement de productivit\u00e9 et de r\u00e9ussite.\t\t\t<\/div>\n\t\t\t\t\t\t\t\t\t<\/div>\n\t\t\t\t\t\t\t\t\t\t\t<div class=\"swiper-slide\" role=\"group\" aria-roledescription=\"slide\">\n\t\t\t\t\t\t\t\t\t<div class=\"elementor-carousel-image\" role=\"img\" aria-label=\"CanadaLes t\u00eates de violon\" style=\"background-image: url(&#039;https:\/\/mcaf.nb.ca\/wp-content\/uploads\/CanadaNB-fiddleheads.jpg&#039;)\">\n\n\t\t\t\n\t\t\t\t\t<\/div>\n\t\t\t\t\t<div class=\"elementor-carousel-image-overlay e-overlay-animation-fade\">\n\t\t\t\tLes t\u00eates de violon sont les pousses fris\u00e9es et comestibles de la foug\u00e8re d'autruche et sont consid\u00e9r\u00e9es comme un mets de saison dans de nombreuses r\u00e9gions du Canada.\t\t\t<\/div>\n\t\t\t\t\t\t\t\t\t<\/div>\n\t\t\t\t\t\t\t\t\t\t\t<div class=\"swiper-slide\" role=\"group\" aria-roledescription=\"slide\">\n\t\t\t\t\t\t\t\t\t<div class=\"elementor-carousel-image\" role=\"img\" aria-label=\"India-Le paon\" style=\"background-image: url(&#039;https:\/\/mcaf.nb.ca\/wp-content\/uploads\/India-peacock.jpg&#039;)\">\n\n\t\t\t\n\t\t\t\t\t<\/div>\n\t\t\t\t\t<div class=\"elementor-carousel-image-overlay e-overlay-animation-fade\">\n\t\t\t\tLe paon, l'oiseau national de l'Inde, symbolise la gr\u00e2ce, la fiert\u00e9 et la beaut\u00e9. C\u2019est un signe de joie pour tous ceux qui les voient.\t\t\t<\/div>\n\t\t\t\t\t\t\t\t\t<\/div>\n\t\t\t\t\t\t\t\t\t\t\t<div class=\"swiper-slide\" role=\"group\" aria-roledescription=\"slide\">\n\t\t\t\t\t\t\t\t\t<div class=\"elementor-carousel-image\" role=\"img\" aria-label=\"papillon monarque\" style=\"background-image: url(&#039;https:\/\/mcaf.nb.ca\/wp-content\/uploads\/monarch.jpg&#039;)\">\n\n\t\t\t\n\t\t\t\t\t<\/div>\n\t\t\t\t\t<div class=\"elementor-carousel-image-overlay e-overlay-animation-fade\">\n\t\t\t\tLe papillon monarque est l'un des papillons les plus reconnaissables et les mieux \u00e9tudi\u00e9s de la plan\u00e8te. Ses ailes orange sont lac\u00e9es de lignes noires et bord\u00e9es de points blancs. C\u00e9l\u00e8bres pour leur migration saisonni\u00e8re, des millions de monarques migrent des \u00c9tats-Unis et du Canada vers le sud vers la Californie et le Mexique pour l'hiver.\t\t\t<\/div>\n\t\t\t\t\t\t\t\t\t<\/div>\n\t\t\t\t\t\t\t\t\t\t\t<div class=\"swiper-slide\" role=\"group\" aria-roledescription=\"slide\">\n\t\t\t\t\t\t\t\t\t<div class=\"elementor-carousel-image\" role=\"img\" aria-label=\"Les fleurs de cerisier\" style=\"background-image: url(&#039;https:\/\/mcaf.nb.ca\/wp-content\/uploads\/cherryblossom.jpg&#039;)\">\n\n\t\t\t\n\t\t\t\t\t<\/div>\n\t\t\t\t\t<div class=\"elementor-carousel-image-overlay e-overlay-animation-fade\">\n\t\t\t\tLes fleurs de cerisier, \u00e9galement connues sous le nom de sakura au Japon, sont les petites fleurs roses d\u00e9licates produites par les cerisiers en fleurs. Dans la culture japonaise, les fleurs de cerisier sont une fleur symbolique du printemps, une p\u00e9riode de renouveau et la nature \u00e9ph\u00e9m\u00e8re de la vie. Leur vie est tr\u00e8s courte. Apr\u00e8s que leur beaut\u00e9 ait atteint son apog\u00e9e environ deux semaines, les fleurs commencent \u00e0 tomber.\t\t\t<\/div>\n\t\t\t\t\t\t\t\t\t<\/div>\n\t\t\t\t\t\t\t\t\t\t\t<div class=\"swiper-slide\" role=\"group\" aria-roledescription=\"slide\">\n\t\t\t\t\t\t\t\t\t<div class=\"elementor-carousel-image\" role=\"img\" aria-label=\"Le chardon est l&#039;embl\u00e8me\" style=\"background-image: url(&#039;https:\/\/mcaf.nb.ca\/wp-content\/uploads\/thistle.jpg&#039;)\">\n\n\t\t\t\n\t\t\t\t\t<\/div>\n\t\t\t\t\t<div class=\"elementor-carousel-image-overlay e-overlay-animation-fade\">\n\t\t\t\tLe chardon est l'embl\u00e8me national de l'\u00c9cosse. Dans le symbolisme celtique, le chardon repr\u00e9sente la noblesse et la gr\u00e2ce.\t\t\t<\/div>\n\t\t\t\t\t\t\t\t\t<\/div>\n\t\t\t\t\t\t\t\t\t\t\t<div class=\"swiper-slide\" role=\"group\" aria-roledescription=\"slide\">\n\t\t\t\t\t\t\t\t\t<div class=\"elementor-carousel-image\" role=\"img\" aria-label=\"rose\" style=\"background-image: url(&#039;https:\/\/mcaf.nb.ca\/wp-content\/uploads\/rose.jpg&#039;)\">\n\n\t\t\t\n\t\t\t\t\t<\/div>\n\t\t\t\t\t<div class=\"elementor-carousel-image-overlay e-overlay-animation-fade\">\n\t\t\t\tLa rose, fleur nationale d'Irak et d'Iran, symbolise l'amour et la beaut\u00e9, l'honneur, la foi, le d\u00e9vouement, la passion et la sensualit\u00e9.\t\t\t<\/div>\n\t\t\t\t\t\t\t\t\t<\/div>\n\t\t\t\t\t\t\t\t\t\t\t<div class=\"swiper-slide\" role=\"group\" aria-roledescription=\"slide\">\n\t\t\t\t\t\t\t\t\t<div class=\"elementor-carousel-image\" role=\"img\" aria-label=\"Raven\" style=\"background-image: url(&#039;https:\/\/mcaf.nb.ca\/wp-content\/uploads\/Raven.jpg&#039;)\">\n\n\t\t\t\n\t\t\t\t\t<\/div>\n\t\t\t\t\t<div class=\"elementor-carousel-image-overlay e-overlay-animation-fade\">\n\t\t\t\tEspi\u00e8gle et curieux, le corbeau joue un r\u00f4le important dans les cultures autochtones. Il existe diff\u00e9rentes significations symboliques qui incluent la cr\u00e9ation, la transformation, la connaissance, le prestige ainsi que la complexit\u00e9 de la nature, la subtilit\u00e9 de la v\u00e9rit\u00e9. Certains croient que le corbeau est un gu\u00e9risseur \u00e0 distance et est connu comme le \u00abgardien des secrets\u00bb, il nous aide dans nos vies en r\u00e9v\u00e9lant la v\u00e9rit\u00e9 de garder des secrets qui pourraient potentiellement nous nuire, ce faisant, il nous aide \u00e0 retrouver notre bonne sant\u00e9.\t\t\t<\/div>\n\t\t\t\t\t\t\t\t\t<\/div>\n\t\t\t\t\t\t\t\t\t\t\t<div class=\"swiper-slide\" role=\"group\" aria-roledescription=\"slide\">\n\t\t\t\t\t\t\t\t\t<div class=\"elementor-carousel-image\" role=\"img\" aria-label=\"tulip\" style=\"background-image: url(&#039;https:\/\/mcaf.nb.ca\/wp-content\/uploads\/tulip.jpg&#039;)\">\n\n\t\t\t\n\t\t\t\t\t<\/div>\n\t\t\t\t\t<div class=\"elementor-carousel-image-overlay e-overlay-animation-fade\">\n\t\t\t\tLa tulipe est la fleur la plus c\u00e9l\u00e8bre de Hollande et est consid\u00e9r\u00e9e par beaucoup comme le symbole d'une d\u00e9claration d'amour.\t\t\t<\/div>\n\t\t\t\t\t\t\t\t\t<\/div>\n\t\t\t\t\t\t\t\t\t\t\t<div class=\"swiper-slide\" role=\"group\" aria-roledescription=\"slide\">\n\t\t\t\t\t\t\t\t\t<div class=\"elementor-carousel-image\" role=\"img\" aria-label=\"bamboo\" style=\"background-image: url(&#039;https:\/\/mcaf.nb.ca\/wp-content\/uploads\/bamboo.jpg&#039;)\">\n\n\t\t\t\n\t\t\t\t\t<\/div>\n\t\t\t\t\t<div class=\"elementor-carousel-image-overlay e-overlay-animation-fade\">\n\t\t\t\tDans les cultures asiatiques, le bambou est un symbole d'int\u00e9grit\u00e9 morale, de r\u00e9sistance, de modestie, de loyaut\u00e9, de force, de flexibilit\u00e9 et de sant\u00e9. Sa force nous apprend \u00e0 nous tenir debout et sa flexibilit\u00e9 nous apprend \u00e0 nous adapter aux circonstances les plus difficiles. La combinaison de ces vertus nous apprend \u00e0 trouver l'\u00e9quilibre et la paix int\u00e9rieure dans nos vies, am\u00e9liorant ainsi notre sant\u00e9.\t\t\t<\/div>\n\t\t\t\t\t\t\t\t\t<\/div>\n\t\t\t\t\t\t\t\t\t\t\t<div class=\"swiper-slide\" role=\"group\" aria-roledescription=\"slide\">\n\t\t\t\t\t\t\t\t\t<div class=\"elementor-carousel-image\" role=\"img\" aria-label=\"jasmine\" style=\"background-image: url(&#039;https:\/\/mcaf.nb.ca\/wp-content\/uploads\/jasmine.jpg&#039;)\">\n\n\t\t\t\n\t\t\t\t\t<\/div>\n\t\t\t\t\t<div class=\"elementor-carousel-image-overlay e-overlay-animation-fade\">\n\t\t\t\tLe jasmin est la fleur nationale de la Syrie, de l'Indon\u00e9sie, du Pakistan, des Philippines et de la Tha\u00eflande. Il symbolise souvent l'amour, la beaut\u00e9 ou la sensualit\u00e9. Les fleurs blanches pures de la fleur de jasmin peuvent \u00e9galement symboliser la puret\u00e9.\t\t\t<\/div>\n\t\t\t\t\t\t\t\t\t<\/div>\n\t\t\t\t\t\t\t\t\t\t\t<div class=\"swiper-slide\" role=\"group\" aria-roledescription=\"slide\">\n\t\t\t\t\t\t\t\t\t<div class=\"elementor-carousel-image\" role=\"img\" aria-label=\"parrot\" style=\"background-image: url(&#039;https:\/\/mcaf.nb.ca\/wp-content\/uploads\/parrot.jpg&#039;)\">\n\n\t\t\t\n\t\t\t\t\t<\/div>\n\t\t\t\t\t<div class=\"elementor-carousel-image-overlay e-overlay-animation-fade\">\n\t\t\t\tLes aras sont originaires d'Am\u00e9rique centrale et d'Am\u00e9rique du Nord (uniquement le Mexique), d'Am\u00e9rique du Sud et autrefois des Cara\u00efbes. L'ara \u00e9tait consid\u00e9r\u00e9 comme un gardien associ\u00e9 \u00e0 la direction du sud, ainsi qu'un symbole de l'\u00e9t\u00e9, de la fertilit\u00e9 et de la gu\u00e9rison. Le peuple Pueblo voyait l'ara comme un symbole du soleil. Pour de nombreuses tribus d'Am\u00e9rique centrale et d'Am\u00e9rique du Sud, ils croient que l'ara apporte la gu\u00e9rison par la couleur et la lumi\u00e8re.\t\t\t<\/div>\n\t\t\t\t\t\t\t\t\t<\/div>\n\t\t\t\t\t\t\t\t\t\t\t<div class=\"swiper-slide\" role=\"group\" aria-roledescription=\"slide\">\n\t\t\t\t\t\t\t\t\t<div class=\"elementor-carousel-image\" role=\"img\" aria-label=\"Rhododendron\" style=\"background-image: url(&#039;https:\/\/mcaf.nb.ca\/wp-content\/uploads\/Rhododendron.jpg&#039;)\">\n\n\t\t\t\n\t\t\t\t\t<\/div>\n\t\t\t\t\t<div class=\"elementor-carousel-image-overlay e-overlay-animation-fade\">\n\t\t\t\tLe rhododendron, fleur nationale du N\u00e9pal, symbolise l'amour, la beaut\u00e9 et l'\u00e9nergie et peut aider \u00e0 nouer un bouquet avec son symbolisme d'optimisme et de joie.\t\t\t<\/div>\n\t\t\t\t\t\t\t\t\t<\/div>\n\t\t\t\t\t\t\t\t\t\t\t<div class=\"swiper-slide\" role=\"group\" aria-roledescription=\"slide\">\n\t\t\t\t\t\t\t\t\t<div class=\"elementor-carousel-image\" role=\"img\" aria-label=\"sunflower\" style=\"background-image: url(&#039;https:\/\/mcaf.nb.ca\/wp-content\/uploads\/sunflower.jpg&#039;)\">\n\n\t\t\t\n\t\t\t\t\t<\/div>\n\t\t\t\t\t<div class=\"elementor-carousel-image-overlay e-overlay-animation-fade\">\n\t\t\t\tLe tournesol, fleur nationale de l'Ukraine, repr\u00e9sente la chaleur et la puissance du soleil et symbolise l'\u00e9nergie, la vie et le bien-\u00eatre.\t\t\t<\/div>\n\t\t\t\t\t\t\t\t\t<\/div>\n\t\t\t\t\t\t\t\t\t\t\t<div class=\"swiper-slide\" role=\"group\" aria-roledescription=\"slide\">\n\t\t\t\t\t\t\t\t\t<div class=\"elementor-carousel-image\" role=\"img\" aria-label=\"Bird Paradise flower\" style=\"background-image: url(&#039;https:\/\/mcaf.nb.ca\/wp-content\/uploads\/Bird-Paradise-flower.jpg&#039;)\">\n\n\t\t\t\n\t\t\t\t\t<\/div>\n\t\t\t\t\t<div class=\"elementor-carousel-image-overlay e-overlay-animation-fade\">\n\t\t\t\tFleur d'oiseau de paradis, \u00e9galement appel\u00e9e fleur de grue, plante ornementale de la famille des Strelitziaceae originaire d'Afrique du Sud. Il est connu comme le symbole ultime du paradis et de la libert\u00e9. En raison de sa nature tropicale, cette fleur symbolise \u00e9galement la libert\u00e9 et la joie.\t\t\t<\/div>\n\t\t\t\t\t\t\t\t\t<\/div>\n\t\t\t\t\t\t\t\t\t\t\t<div class=\"swiper-slide\" role=\"group\" aria-roledescription=\"slide\">\n\t\t\t\t\t\t\t\t\t<div class=\"elementor-carousel-image\" role=\"img\" aria-label=\"Rafflesia Arnoldi\" style=\"background-image: url(&#039;https:\/\/mcaf.nb.ca\/wp-content\/uploads\/Rafflesia-Arnoldi.jpg&#039;)\">\n\n\t\t\t\n\t\t\t\t\t<\/div>\n\t\t\t\t\t<div class=\"elementor-carousel-image-overlay e-overlay-animation-fade\">\n\t\t\t\tLa plus grande fleur du monde, Rafflesia Arnoldi, p\u00e8se jusqu'\u00e0 7 kg (15 livres) et ne pousse que sur l'\u00eele de Sumatra, en Indon\u00e9sie.\t\t\t<\/div>\n\t\t\t\t\t\t\t\t\t<\/div>\n\t\t\t\t\t\t\t\t\t\t\t<div class=\"swiper-slide\" role=\"group\" aria-roledescription=\"slide\">\n\t\t\t\t\t\t\t\t\t<div class=\"elementor-carousel-image\" role=\"img\" aria-label=\"Golden poison frog\" style=\"background-image: url(&#039;https:\/\/mcaf.nb.ca\/wp-content\/uploads\/Golden-poison-frog.jpg&#039;)\">\n\n\t\t\t\n\t\t\t\t\t<\/div>\n\t\t\t\t\t<div class=\"elementor-carousel-image-overlay e-overlay-animation-fade\">\n\t\t\t\tPhyllobates Terribilis est la plus hautement toxique de toutes les grenouilles et est l'une des trois esp\u00e8ces connues pour \u00eatre utilis\u00e9es par les indig\u00e8nes des tribus sud-am\u00e9ricaines comme sources de poison pour leurs fl\u00e9chettes de chasse.\t\t\t<\/div>\n\t\t\t\t\t\t\t\t\t<\/div>\n\t\t\t\t\t\t\t\t\t\t\t<div class=\"swiper-slide\" role=\"group\" aria-roledescription=\"slide\">\n\t\t\t\t\t\t\t\t\t<div class=\"elementor-carousel-image\" role=\"img\" aria-label=\"Un tr\u00e8fle\" style=\"background-image: url(&#039;https:\/\/mcaf.nb.ca\/wp-content\/uploads\/shamrock.jpg&#039;)\">\n\n\t\t\t\n\t\t\t\t\t<\/div>\n\t\t\t\t\t<div class=\"elementor-carousel-image-overlay e-overlay-animation-fade\">\n\t\t\t\tUn tr\u00e8fle est un jeune brin, utilis\u00e9 comme symbole de la culture irlandaise. Il est si \u00e9troitement li\u00e9 gr\u00e2ce au saint patron de l'Irlande, Saint Patrick, utilisant les trois p\u00e9tales du tr\u00e8fle pour illustrer les myst\u00e8res de la Sainte Trinit\u00e9 aux pa\u00efens celtiques. Chaque feuille repr\u00e9sente le P\u00e8re, le Fils et le Saint-Esprit.\t\t\t<\/div>\n\t\t\t\t\t\t\t\t\t<\/div>\n\t\t\t\t\t\t\t\t\t\t\t<div class=\"swiper-slide\" role=\"group\" aria-roledescription=\"slide\">\n\t\t\t\t\t\t\t\t\t<div class=\"elementor-carousel-image\" role=\"img\" aria-label=\"Inukhsuk\" style=\"background-image: url(&#039;https:\/\/mcaf.nb.ca\/wp-content\/uploads\/Inukhsuk.jpg&#039;)\">\n\n\t\t\t\n\t\t\t\t\t<\/div>\n\t\t\t\t\t<div class=\"elementor-carousel-image-overlay e-overlay-animation-fade\">\n\t\t\t\tL'inukhsuk (prononc\u00e9 ih-nook-suuk) refl\u00e8te cet esprit canadien d'amiti\u00e9 et de communaut\u00e9. Un Inukshuk en forme de personne signifie s\u00e9curit\u00e9, espoir et amiti\u00e9. Ces sculptures en pierre \u00e9taient \u00e9galement importantes pour la navigation, comme point de r\u00e9f\u00e9rence, comme marqueur de terrains de chasse ou pour d\u00e9signer une cache alimentaire.\t\t\t<\/div>\n\t\t\t\t\t\t\t\t\t<\/div>\n\t\t\t\t\t\t\t\t\t\t\t<div class=\"swiper-slide\" role=\"group\" aria-roledescription=\"slide\">\n\t\t\t\t\t\t\t\t\t<div class=\"elementor-carousel-image\" role=\"img\" aria-label=\"dragon\" style=\"background-image: url(&#039;https:\/\/mcaf.nb.ca\/wp-content\/uploads\/dragon.jpg&#039;)\">\n\n\t\t\t\n\t\t\t\t\t<\/div>\n\t\t\t\t\t<div class=\"elementor-carousel-image-overlay e-overlay-animation-fade\">\n\t\t\t\tLe dragon chinois symbolise des pouvoirs puissants et propices, en particulier le contr\u00f4le de l'eau, des pr\u00e9cipitations, des typhons et des inondations. C'est aussi un symbole de puissance, de force et de chance.\t\t\t<\/div>\n\t\t\t\t\t\t\t\t\t<\/div>\n\t\t\t\t\t\t\t\t\t\t\t<div class=\"swiper-slide\" role=\"group\" aria-roledescription=\"slide\">\n\t\t\t\t\t\t\t\t\t<div class=\"elementor-carousel-image\" role=\"img\" aria-label=\"waterlilies\" style=\"background-image: url(&#039;https:\/\/mcaf.nb.ca\/wp-content\/uploads\/waterlilies.jpg&#039;)\">\n\n\t\t\t\n\t\t\t\t\t<\/div>\n\t\t\t\t\t<div class=\"elementor-carousel-image-overlay e-overlay-animation-fade\">\n\t\t\t\tLes n\u00e9nuphars, symbole du Bangladesh, sont un type de fleur que l'on peut trouver dans l'eau, par cons\u00e9quent, ils ont souvent une signification symbolique d'essence et de naissance, ce qui signifie \u00e9galement, en fin de compte, le cercle de la vie que nous avons tous.\t\t\t<\/div>\n\t\t\t\t\t\t\t\t\t<\/div>\n\t\t\t\t\t\t\t\t\t\t\t<div class=\"swiper-slide\" role=\"group\" aria-roledescription=\"slide\">\n\t\t\t\t\t\t\t\t\t<div class=\"elementor-carousel-image\" role=\"img\" aria-label=\"coquelicot rouge\" style=\"background-image: url(&#039;https:\/\/mcaf.nb.ca\/wp-content\/uploads\/poppy.jpg&#039;)\">\n\n\t\t\t\n\t\t\t\t\t<\/div>\n\t\t\t\t\t<div class=\"elementor-carousel-image-overlay e-overlay-animation-fade\">\n\t\t\t\tCent ans apr\u00e8s l'entr\u00e9e des \u00c9tats-Unis dans la Premi\u00e8re Guerre mondiale, le coquelicot rouge symbolise toujours les sacrifices consentis par les soldats pendant la guerre mondiale. Des millions de personnes dans des pays comme le Royaume-Uni, le Canada, la France et la Belgique c\u00e9l\u00e8brent le jour du Souvenir, \u00e9galement connu sous le nom de jour de l'armistice, chaque novembre.\t\t\t<\/div>\n\t\t\t\t\t\t\t\t\t<\/div>\n\t\t\t\t\t\t\t\t\t\t\t<div class=\"swiper-slide\" role=\"group\" aria-roledescription=\"slide\">\n\t\t\t\t\t\t\t\t\t<div class=\"elementor-carousel-image\" role=\"img\" aria-label=\"Russia-chamomile\" style=\"background-image: url(&#039;https:\/\/mcaf.nb.ca\/wp-content\/uploads\/Russia-chamomile.jpg&#039;)\">\n\n\t\t\t\n\t\t\t\t\t<\/div>\n\t\t\t\t\t<div class=\"elementor-carousel-image-overlay e-overlay-animation-fade\">\n\t\t\t\tUne camomille repr\u00e9sente \u00abque tous vos r\u00eaves et souhaits se r\u00e9alisent\u00bb. La plante repr\u00e9sente l'humilit\u00e9. La Russie a fait sa d\u00e9claration officielle sur la fleur en tant que fleur nationale en 1998.\t\t\t<\/div>\n\t\t\t\t\t\t\t\t\t<\/div>\n\t\t\t\t\t\t\t\t\t\t\t<div class=\"swiper-slide\" role=\"group\" aria-roledescription=\"slide\">\n\t\t\t\t\t\t\t\t\t<div class=\"elementor-carousel-image\" role=\"img\" aria-label=\"paisley\" style=\"background-image: url(&#039;https:\/\/mcaf.nb.ca\/wp-content\/uploads\/paisley.jpg&#039;)\">\n\n\t\t\t\n\t\t\t\t\t<\/div>\n\t\t\t\t\t<div class=\"elementor-carousel-image-overlay e-overlay-animation-fade\">\n\t\t\t\tLe motif Paisley ou paisley est un motif textile ornemental utilisant le boteh (persan) ou buta, un motif en forme de larme avec une extr\u00e9mit\u00e9 sup\u00e9rieure incurv\u00e9e. Certains pensent que le buta est la combinaison d'un spray floral stylis\u00e9 et d'un cypr\u00e8s: un symbole zoroastrien de la vie et de l'\u00e9ternit\u00e9.\t\t\t<\/div>\n\t\t\t\t\t\t\t\t\t<\/div>\n\t\t\t\t\t\t\t\t\t\t\t<div class=\"swiper-slide\" role=\"group\" aria-roledescription=\"slide\">\n\t\t\t\t\t\t\t\t\t<div class=\"elementor-carousel-image\" role=\"img\" aria-label=\"La fleur de lotus\" style=\"background-image: url(&#039;https:\/\/mcaf.nb.ca\/wp-content\/uploads\/Lotus.jpg&#039;)\">\n\n\t\t\t\n\t\t\t\t\t<\/div>\n\t\t\t\t\t<div class=\"elementor-carousel-image-overlay e-overlay-animation-fade\">\n\t\t\t\tLa fleur de lotus est consid\u00e9r\u00e9e dans de nombreuses cultures diff\u00e9rentes, en particulier dans les religions orientales, comme un symbole de puret\u00e9, d'illumination, d'auto-r\u00e9g\u00e9n\u00e9ration et de renaissance. Ses caract\u00e9ristiques sont une parfaite analogie avec la condition humaine: m\u00eame lorsque ses racines sont dans les eaux les plus sales, le Lotus produit la plus belle fleur.\t\t\t<\/div>\n\t\t\t\t\t\t\t\t\t<\/div>\n\t\t\t\t\t\t\t\t\t\t\t<div class=\"swiper-slide\" role=\"group\" aria-roledescription=\"slide\">\n\t\t\t\t\t\t\t\t\t<div class=\"elementor-carousel-image\" role=\"img\" aria-label=\"violets\" style=\"background-image: url(&#039;https:\/\/mcaf.nb.ca\/wp-content\/uploads\/violets.jpg&#039;)\">\n\n\t\t\t\n\t\t\t\t\t<\/div>\n\t\t\t\t\t<div class=\"elementor-carousel-image-overlay e-overlay-animation-fade\">\n\t\t\t\tLe Nouveau-Brunswick a adopt\u00e9 la violette pourpre comme fleur officielle en 1936. Dans de nombreuses cultures, les violettes sont des symboles de modestie, de simplicit\u00e9 et de fid\u00e9lit\u00e9.\t\t\t<\/div>\n\t\t\t\t\t\t\t\t\t<\/div>\n\t\t\t\t\t\t\t\t\t\t\t<div class=\"swiper-slide\" role=\"group\" aria-roledescription=\"slide\">\n\t\t\t\t\t\t\t\t\t<div class=\"elementor-carousel-image\" role=\"img\" aria-label=\"Hibiscuis\" style=\"background-image: url(&#039;https:\/\/mcaf.nb.ca\/wp-content\/uploads\/Hibiscuis.jpg&#039;)\">\n\n\t\t\t\n\t\t\t\t\t<\/div>\n\t\t\t\t\t<div class=\"elementor-carousel-image-overlay e-overlay-animation-fade\">\n\t\t\t\tHibiscus Syriacus, fleur nationale de Cor\u00e9e du Sud, La signification symbolique de la fleur provient du mot cor\u00e9en mugung, qui signifie \u00ab\u00e9ternit\u00e9\u00bb ou \u00ababondance in\u00e9puisable\u00bb.\t\t\t<\/div>\n\t\t\t\t\t\t\t\t\t<\/div>\n\t\t\t\t\t\t\t\t\t\t\t<div class=\"swiper-slide\" role=\"group\" aria-roledescription=\"slide\">\n\t\t\t\t\t\t\t\t\t<div class=\"elementor-carousel-image\" role=\"img\" aria-label=\"Acadiens\" style=\"background-image: url(&#039;https:\/\/mcaf.nb.ca\/wp-content\/uploads\/acadian.jpg&#039;)\">\n\n\t\t\t\n\t\t\t\t\t<\/div>\n\t\t\t\t\t<div class=\"elementor-carousel-image-overlay e-overlay-animation-fade\">\n\t\t\t\tLe tricolore repr\u00e9sente la patrie des Acadiens. L'\u00e9toile jaune, la Stella Maris, est le symbole de Marie, symbole national acadien et patronne des marins. Il est plac\u00e9 sur la bande bleue, ce qui signifie rechercher les conseils et la protection de la Vierge Marie, patronne des Acadiens.\t\t\t<\/div>\n\t\t\t\t\t\t\t\t\t<\/div>\n\t\t\t\t\t\t\t\t\t\t\t<div class=\"swiper-slide\" role=\"group\" aria-roledescription=\"slide\">\n\t\t\t\t\t\t\t\t\t<div class=\"elementor-carousel-image\" role=\"img\" aria-label=\"Latin America - Hibiscuis\" style=\"background-image: url(&#039;https:\/\/mcaf.nb.ca\/wp-content\/uploads\/Latin-America-Hibiscuis.jpg&#039;)\">\n\n\t\t\t\n\t\t\t\t\t<\/div>\n\t\t\t\t\t<div class=\"elementor-carousel-image-overlay e-overlay-animation-fade\">\n\t\t\t\tLes fleurs d'hibiscus symbolisent le plus souvent la beaut\u00e9, la puret\u00e9 et la f\u00e9minit\u00e9.\nEn Am\u00e9rique centrale et du Sud et dans les pays asiatiques, les fleurs d'hibiscus s\u00e9ch\u00e9es et trait\u00e9es sont des collations savoureuses populaires.\n\t\t\t<\/div>\n\t\t\t\t\t\t\t\t\t<\/div>\n\t\t\t\t\t\t\t\t\t\t\t<div class=\"swiper-slide\" role=\"group\" aria-roledescription=\"slide\">\n\t\t\t\t\t\t\t\t\t<div class=\"elementor-carousel-image\" role=\"img\" aria-label=\"paisley2\" style=\"background-image: url(&#039;https:\/\/mcaf.nb.ca\/wp-content\/uploads\/paisley2.jpg&#039;)\">\n\n\t\t\t\n\t\t\t\t\t<\/div>\n\t\t\t\t\t<div class=\"elementor-carousel-image-overlay e-overlay-animation-fade\">\n\t\t\t\tLe motif Paisley ou paisley est un motif textile ornemental utilisant le boteh (persan) ou buta, un motif en forme de larme avec une extr\u00e9mit\u00e9 sup\u00e9rieure incurv\u00e9e. Certains pensent que le buta est la combinaison d'un spray floral stylis\u00e9 et d'un cypr\u00e8s: un symbole zoroastrien de la vie et de l'\u00e9ternit\u00e9.\t\t\t<\/div>\n\t\t\t\t\t\t\t\t\t<\/div>\n\t\t\t\t\t\t\t\t\t<\/div>\n\t\t\t\t\t\t\t\t\t\t\t\t\t\t\t<div class=\"elementor-swiper-button elementor-swiper-button-prev\" role=\"button\" tabindex=\"0\" aria-label=\"Pr\u00e9c\u00e9dent\">\n\t\t\t\t\t\t\t<i aria-hidden=\"true\" class=\"eicon-chevron-left\"><\/i>\t\t\t\t\t\t<\/div>\n\t\t\t\t\t\t<div class=\"elementor-swiper-button elementor-swiper-button-next\" role=\"button\" tabindex=\"0\" aria-label=\"Suivant\">\n\t\t\t\t\t\t\t<i aria-hidden=\"true\" class=\"eicon-chevron-right\"><\/i>\t\t\t\t\t\t<\/div>\n\t\t\t\t\t\t\t\t\t\t\t\t\t\t\t\t<div class=\"swiper-pagination\"><\/div>\n\t\t\t\t\t\t\t\t\t\t\t\t<\/div>\n\t\t\t\t<\/div>\n\t\t\t\t\t\t\t\t<\/div>\n\t\t\t\t<\/div>\n\t\t\t\t<div class=\"elementor-element elementor-element-f595dd3 flex-horizontal-align-default flex-horizontal-align-tablet-default flex-horizontal-align-mobile-default flex-vertical-align-default flex-vertical-align-tablet-default flex-vertical-align-mobile-default elementor-widget elementor-widget-google_maps\" data-id=\"f595dd3\" data-element_type=\"widget\" data-e-type=\"widget\" data-widget_type=\"google_maps.default\">\n\t\t\t\t<div class=\"elementor-widget-container\">\n\t\t\t\t\t\t\t<div class=\"elementor-custom-embed\">\n\t\t\t<iframe loading=\"lazy\"\n\t\t\t\t\tsrc=\"https:\/\/maps.google.com\/maps?q=28%20Saunders%20St%2C%20Fredericton%2C%20NB%20E3B%201N1&#038;t=m&#038;z=15&#038;output=embed&#038;iwloc=near\"\n\t\t\t\t\ttitle=\"28 Saunders St, Fredericton, NB E3B 1N1\"\n\t\t\t\t\taria-label=\"28 Saunders St, Fredericton, NB E3B 1N1\"\n\t\t\t><\/iframe>\n\t\t<\/div>\n\t\t\t\t\t\t<\/div>\n\t\t\t\t<\/div>\n\t\t\t\t\t<\/div>\n\t\t<\/div>\n\t\t\t\t\t<\/div><\/div>\r\n\t\t<\/section>\r\n\t\t\t\t<\/div>\n\t\t","protected":false},"excerpt":{"rendered":"<p>Peinture murale de la diversit\u00e9 Diversity Mural a \u00e9t\u00e9 cr\u00e9\u00e9 par des artistes de diverses cultures pour pr\u00e9senter des fleurs,&#8230;<\/p>\n","protected":false},"author":1,"featured_media":0,"parent":0,"menu_order":0,"comment_status":"closed","ping_status":"closed","template":"page-fullwidth.php","meta":{"inline_featured_image":false,"footnotes":""},"class_list":["post-9185","page","type-page","status-publish"],"aioseo_notices":[],"_links":{"self":[{"href":"https:\/\/mcaf.nb.ca\/fr\/wp-json\/wp\/v2\/pages\/9185","targetHints":{"allow":["GET"]}}],"collection":[{"href":"https:\/\/mcaf.nb.ca\/fr\/wp-json\/wp\/v2\/pages"}],"about":[{"href":"https:\/\/mcaf.nb.ca\/fr\/wp-json\/wp\/v2\/types\/page"}],"author":[{"embeddable":true,"href":"https:\/\/mcaf.nb.ca\/fr\/wp-json\/wp\/v2\/users\/1"}],"replies":[{"embeddable":true,"href":"https:\/\/mcaf.nb.ca\/fr\/wp-json\/wp\/v2\/comments?post=9185"}],"version-history":[{"count":25,"href":"https:\/\/mcaf.nb.ca\/fr\/wp-json\/wp\/v2\/pages\/9185\/revisions"}],"predecessor-version":[{"id":11796,"href":"https:\/\/mcaf.nb.ca\/fr\/wp-json\/wp\/v2\/pages\/9185\/revisions\/11796"}],"wp:attachment":[{"href":"https:\/\/mcaf.nb.ca\/fr\/wp-json\/wp\/v2\/media?parent=9185"}],"curies":[{"name":"wp","href":"https:\/\/api.w.org\/{rel}","templated":true}]}}